{"id":153,"date":"2023-01-24T18:04:57","date_gmt":"2023-01-24T17:04:57","guid":{"rendered":"https:\/\/www.jef-bw.de\/ulm\/?page_id=153"},"modified":"2023-01-29T14:46:29","modified_gmt":"2023-01-29T13:46:29","slug":"startseite","status":"publish","type":"page","link":"https:\/\/www.jef-bw.de\/ulm\/","title":{"rendered":"Startseite"},"content":{"rendered":"\t\t<div data-elementor-type=\"wp-page\" data-elementor-id=\"153\" class=\"elementor elementor-153\" data-elementor-post-type=\"page\">\n\t\t\t\t\t\t<section class=\"elementor-section elementor-top-section elementor-element elementor-element-1a1884f1 elementor-section-height-min-height elementor-section-boxed elementor-section-height-default elementor-section-items-middle\" data-id=\"1a1884f1\" data-element_type=\"section\" data-e-type=\"section\" data-settings=\"{&quot;background_background&quot;:&quot;classic&quot;}\">\n\t\t\t\t\t\t<div class=\"elementor-container elementor-column-gap-default\">\n\t\t\t\t\t<div class=\"elementor-column elementor-col-100 elementor-top-column elementor-element elementor-element-3adf5460\" data-id=\"3adf5460\" data-element_type=\"column\" data-e-type=\"column\">\n\t\t\t<div class=\"elementor-widget-wrap elementor-element-populated\">\n\t\t\t\t\t\t<div class=\"elementor-element elementor-element-6167d52d elementor-invisible elementor-widget elementor-widget-heading\" data-id=\"6167d52d\" data-element_type=\"widget\" data-e-type=\"widget\" data-settings=\"{&quot;_animation&quot;:&quot;slideInUp&quot;}\" data-widget_type=\"heading.default\">\n\t\t\t\t<div class=\"elementor-widget-container\">\n\t\t\t\t\t<h2 class=\"elementor-heading-title elementor-size-default\">JEF Ulm\/Alb-Donau<\/h2>\t\t\t\t<\/div>\n\t\t\t\t<\/div>\n\t\t\t\t\t<\/div>\n\t\t<\/div>\n\t\t\t\t\t<\/div>\n\t\t<\/section>\n\t\t\t\t<section class=\"elementor-section elementor-top-section elementor-element elementor-element-322bcf86 elementor-section-boxed elementor-section-height-default elementor-section-height-default\" data-id=\"322bcf86\" data-element_type=\"section\" data-e-type=\"section\">\n\t\t\t\t\t\t<div class=\"elementor-container elementor-column-gap-default\">\n\t\t\t\t\t<div class=\"elementor-column elementor-col-50 elementor-top-column elementor-element elementor-element-362b5cf8\" data-id=\"362b5cf8\" data-element_type=\"column\" data-e-type=\"column\">\n\t\t\t<div class=\"elementor-widget-wrap elementor-element-populated\">\n\t\t\t\t\t\t<div class=\"elementor-element elementor-element-7706d594 elementor-widget elementor-widget-heading\" data-id=\"7706d594\" data-element_type=\"widget\" data-e-type=\"widget\" data-widget_type=\"heading.default\">\n\t\t\t\t<div class=\"elementor-widget-container\">\n\t\t\t\t\t<h2 class=\"elementor-heading-title elementor-size-default\">Hey!<\/h2>\t\t\t\t<\/div>\n\t\t\t\t<\/div>\n\t\t\t\t<div class=\"elementor-element elementor-element-14b8bf12 elementor-widget elementor-widget-heading\" data-id=\"14b8bf12\" data-element_type=\"widget\" data-e-type=\"widget\" data-widget_type=\"heading.default\">\n\t\t\t\t<div class=\"elementor-widget-container\">\n\t\t\t\t\t<h3 class=\"elementor-heading-title elementor-size-default\">Willkommen bei den Jungen Europ\u00e4ern Ulm\/Alb-Donau.<\/h3>\t\t\t\t<\/div>\n\t\t\t\t<\/div>\n\t\t\t\t<div class=\"elementor-element elementor-element-6f054f8f elementor-widget elementor-widget-text-editor\" data-id=\"6f054f8f\" data-element_type=\"widget\" data-e-type=\"widget\" data-widget_type=\"text-editor.default\">\n\t\t\t\t<div class=\"elementor-widget-container\">\n\t\t\t\t\t\t\t\t\t<p class=\"p1\">Wir sind eine Gruppe von jungen Leuten, die sich gemeinsam f\u00fcr ein f\u00f6derales Europa einsetzen.\u00a0<b>Als junger Kreisverband freuen wir uns \u00fcber neue Mitglieder: Wenn du bei uns mitmachen oder einfach die JEF Ulm\/Alb-Donau kennenlernen m\u00f6chtest, <\/b><span style=\"color: #00cc66;\"><a style=\"color: #00cc66;\" href=\"mailto:ulm@jef-bw.de\"><span class=\"s1\"><b>schreib uns<\/b><\/span><\/a><\/span><b>\u00a0oder komm zu einem unserer\u00a0<\/b><span class=\"s1\"><b>Treffen<\/b><\/span><b>!<\/b><\/p><p class=\"p1\">Wir planen regelm\u00e4\u00dfig gemeinsame Aktionen oder Veranstaltungen, diskutieren im Rahmen unserer Stammtische \u00fcber europ\u00e4ische Themen und vernetzen uns mit anderen JEF-Gruppen im In- und Ausland.<\/p><p class=\"p1\">Der\u00a0<b>Kreisverband JEF Ulm\/Alb-Donau<\/b>\u00a0steht allen Jugendlichen und jungen Erwachsenen offen, denen wie uns der europ\u00e4ische Einigungsprozess am Herzen liegt!<\/p><p class=\"p1\">Der Verein der Jungen Europ\u00e4er JEF engagiert sich in ganz Deutschland seit \u00fcber 60 Jahren f\u00fcr ein demokratisches, b\u00fcrgernahes, nachhaltiges, solidarisches, f\u00f6derales und friedliches Europa.<br \/>Wir leben in Europa, und wir wollen mitreden und mitgestalten! Das neue, vereinte Europa soll unser Europa werden!<\/p>\t\t\t\t\t\t\t\t<\/div>\n\t\t\t\t<\/div>\n\t\t\t\t\t<\/div>\n\t\t<\/div>\n\t\t\t\t<div class=\"elementor-column elementor-col-50 elementor-top-column elementor-element elementor-element-54a41ba5\" data-id=\"54a41ba5\" data-element_type=\"column\" data-e-type=\"column\">\n\t\t\t<div class=\"elementor-widget-wrap elementor-element-populated\">\n\t\t\t\t\t\t<div class=\"elementor-element elementor-element-7c74855 elementor-widget elementor-widget-image\" data-id=\"7c74855\" data-element_type=\"widget\" data-e-type=\"widget\" data-widget_type=\"image.default\">\n\t\t\t\t<div class=\"elementor-widget-container\">\n\t\t\t\t\t\t\t\t\t\t\t\t\t\t\t<img decoding=\"async\" src=\"https:\/\/www.jef-bw.de\/ulm\/wp-content\/uploads\/sites\/21\/2023\/01\/alexandre-lallemand-Pcs3mOL14Sk-unsplash-scaled-1-e1674580678170.jpg\" title=\"alexandre-lallemand-Pcs3mOL14Sk-unsplash-scaled-1.jpg\" alt=\"alexandre-lallemand-Pcs3mOL14Sk-unsplash-scaled-1.jpg\" loading=\"lazy\" \/>\t\t\t\t\t\t\t\t\t\t\t\t\t\t\t<\/div>\n\t\t\t\t<\/div>\n\t\t\t\t\t<\/div>\n\t\t<\/div>\n\t\t\t\t\t<\/div>\n\t\t<\/section>\n\t\t\t\t<section class=\"elementor-section elementor-top-section elementor-element elementor-element-53590915 elementor-section-boxed elementor-section-height-default elementor-section-height-default\" data-id=\"53590915\" data-element_type=\"section\" data-e-type=\"section\">\n\t\t\t\t\t\t<div class=\"elementor-container elementor-column-gap-default\">\n\t\t\t\t\t<div class=\"elementor-column elementor-col-100 elementor-top-column elementor-element elementor-element-5770d81\" data-id=\"5770d81\" data-element_type=\"column\" data-e-type=\"column\">\n\t\t\t<div class=\"elementor-widget-wrap elementor-element-populated\">\n\t\t\t\t\t\t<div class=\"elementor-element elementor-element-2c49e22c elementor-align-center elementor-widget elementor-widget-button\" data-id=\"2c49e22c\" data-element_type=\"widget\" data-e-type=\"widget\" data-widget_type=\"button.default\">\n\t\t\t\t<div class=\"elementor-widget-container\">\n\t\t\t\t\t\t\t\t\t<div class=\"elementor-button-wrapper\">\n\t\t\t\t\t<a class=\"elementor-button elementor-button-link elementor-size-md elementor-animation-shrink\" href=\"https:\/\/www.jef-bw.de\/mitgliedwerden\/\" target=\"_blank\">\n\t\t\t\t\t\t<span class=\"elementor-button-content-wrapper\">\n\t\t\t\t\t\t\t\t\t<span class=\"elementor-button-text\">Jetzt Mitglied werden<\/span>\n\t\t\t\t\t<\/span>\n\t\t\t\t\t<\/a>\n\t\t\t\t<\/div>\n\t\t\t\t\t\t\t\t<\/div>\n\t\t\t\t<\/div>\n\t\t\t\t<div class=\"elementor-element elementor-element-1cc3ce88 elementor-widget elementor-widget-heading\" data-id=\"1cc3ce88\" data-element_type=\"widget\" data-e-type=\"widget\" data-widget_type=\"heading.default\">\n\t\t\t\t<div class=\"elementor-widget-container\">\n\t\t\t\t\t<h2 class=\"elementor-heading-title elementor-size-default\">Folge uns auf Social Media<\/h2>\t\t\t\t<\/div>\n\t\t\t\t<\/div>\n\t\t\t\t<div class=\"elementor-element elementor-element-6f83537b elementor-shape-circle elementor-grid-0 e-grid-align-center elementor-widget elementor-widget-social-icons\" data-id=\"6f83537b\" data-element_type=\"widget\" data-e-type=\"widget\" data-widget_type=\"social-icons.default\">\n\t\t\t\t<div class=\"elementor-widget-container\">\n\t\t\t\t\t\t\t<div class=\"elementor-social-icons-wrapper elementor-grid\" role=\"list\">\n\t\t\t\t\t\t\t<span class=\"elementor-grid-item\" role=\"listitem\">\n\t\t\t\t\t<a class=\"elementor-icon elementor-social-icon elementor-social-icon-facebook elementor-animation-shrink elementor-repeater-item-3f64767\" href=\"https:\/\/de-de.facebook.com\/jef.bawue\" target=\"_blank\">\n\t\t\t\t\t\t<span class=\"elementor-screen-only\">Facebook<\/span>\n\t\t\t\t\t\t<i aria-hidden=\"true\" class=\"fab fa-facebook\"><\/i>\t\t\t\t\t<\/a>\n\t\t\t\t<\/span>\n\t\t\t\t\t\t\t<span class=\"elementor-grid-item\" role=\"listitem\">\n\t\t\t\t\t<a class=\"elementor-icon elementor-social-icon elementor-social-icon-twitter elementor-animation-shrink elementor-repeater-item-2069a0f\" href=\"https:\/\/twitter.com\/JEF_BW\" target=\"_blank\">\n\t\t\t\t\t\t<span class=\"elementor-screen-only\">Twitter<\/span>\n\t\t\t\t\t\t<i aria-hidden=\"true\" class=\"fab fa-twitter\"><\/i>\t\t\t\t\t<\/a>\n\t\t\t\t<\/span>\n\t\t\t\t\t\t\t<span class=\"elementor-grid-item\" role=\"listitem\">\n\t\t\t\t\t<a class=\"elementor-icon elementor-social-icon elementor-social-icon-instagram elementor-animation-shrink elementor-repeater-item-d37e7d5\" href=\"https:\/\/www.instagram.com\/jef_bawue\/\" target=\"_blank\">\n\t\t\t\t\t\t<span class=\"elementor-screen-only\">Instagram<\/span>\n\t\t\t\t\t\t<i aria-hidden=\"true\" class=\"fab fa-instagram\"><\/i>\t\t\t\t\t<\/a>\n\t\t\t\t<\/span>\n\t\t\t\t\t<\/div>\n\t\t\t\t\t\t<\/div>\n\t\t\t\t<\/div>\n\t\t\t\t\t<\/div>\n\t\t<\/div>\n\t\t\t\t\t<\/div>\n\t\t<\/section>\n\t\t\t\t<section class=\"elementor-section elementor-top-section elementor-element elementor-element-10c2b65 elementor-section-boxed elementor-section-height-default elementor-section-height-default\" data-id=\"10c2b65\" data-element_type=\"section\" data-e-type=\"section\" id=\"veranstaltungen\" data-settings=\"{&quot;background_background&quot;:&quot;gradient&quot;}\">\n\t\t\t\t\t\t<div class=\"elementor-container elementor-column-gap-default\">\n\t\t\t\t\t<div class=\"elementor-column elementor-col-100 elementor-top-column elementor-element elementor-element-3c72f91a\" data-id=\"3c72f91a\" data-element_type=\"column\" data-e-type=\"column\">\n\t\t\t<div class=\"elementor-widget-wrap elementor-element-populated\">\n\t\t\t\t\t\t<div class=\"elementor-element elementor-element-48a1c889 elementor-widget elementor-widget-heading\" data-id=\"48a1c889\" data-element_type=\"widget\" data-e-type=\"widget\" data-widget_type=\"heading.default\">\n\t\t\t\t<div class=\"elementor-widget-container\">\n\t\t\t\t\t<h2 class=\"elementor-heading-title elementor-size-default\">Veranstaltungen<\/h2>\t\t\t\t<\/div>\n\t\t\t\t<\/div>\n\t\t\t\t<div class=\"elementor-element elementor-element-1e1aa7db elementor-widget elementor-widget-accordion\" data-id=\"1e1aa7db\" data-element_type=\"widget\" data-e-type=\"widget\" data-widget_type=\"accordion.default\">\n\t\t\t\t<div class=\"elementor-widget-container\">\n\t\t\t\t\t\t\t<div class=\"elementor-accordion\">\n\t\t\t\t\t\t\t<div class=\"elementor-accordion-item\">\n\t\t\t\t\t<div id=\"elementor-tab-title-5051\" class=\"elementor-tab-title\" data-tab=\"1\" role=\"button\" aria-controls=\"elementor-tab-content-5051\" aria-expanded=\"false\">\n\t\t\t\t\t\t\t\t\t\t\t\t\t<span class=\"elementor-accordion-icon elementor-accordion-icon-left\" aria-hidden=\"true\">\n\t\t\t\t\t\t\t\t\t\t\t\t\t\t\t<span class=\"elementor-accordion-icon-closed\"><i class=\"fas fa-chevron-down\"><\/i><\/span>\n\t\t\t\t\t\t\t\t<span class=\"elementor-accordion-icon-opened\"><i class=\"fas fa-chevron-up\"><\/i><\/span>\n\t\t\t\t\t\t\t\t\t\t\t\t\t\t<\/span>\n\t\t\t\t\t\t\t\t\t\t\t\t<a class=\"elementor-accordion-title\" tabindex=\"0\">Keine aktuellen Veranstaltungen<\/a>\n\t\t\t\t\t<\/div>\n\t\t\t\t\t<div id=\"elementor-tab-content-5051\" class=\"elementor-tab-content elementor-clearfix\" data-tab=\"1\" role=\"region\" aria-labelledby=\"elementor-tab-title-5051\"><p>Aktuell sind keine Veranstaltungen in unserem Kreisverband geplant. <strong>Du m\u00f6chtest \u00fcber unsere n\u00e4chste Veranstaltung direkt informiert werden?<\/strong> Dann schreibe uns einfach eine E-Mail an <span style=\"color: #00cc66;\"><a style=\"color: #00cc66;\" href=\"mailto:ulm@jef-bw.de\">ulm@jef-bw.de<\/a><\/span> und wir melden uns bei dir!<\/p><\/div>\n\t\t\t\t<\/div>\n\t\t\t\t\t\t\t\t<\/div>\n\t\t\t\t\t\t<\/div>\n\t\t\t\t<\/div>\n\t\t\t\t\t<\/div>\n\t\t<\/div>\n\t\t\t\t\t<\/div>\n\t\t<\/section>\n\t\t\t\t<section class=\"elementor-section elementor-top-section elementor-element elementor-element-556a08cb elementor-section-boxed elementor-section-height-default elementor-section-height-default\" data-id=\"556a08cb\" data-element_type=\"section\" data-e-type=\"section\" id=\"vorstand\">\n\t\t\t\t\t\t<div class=\"elementor-container elementor-column-gap-default\">\n\t\t\t\t\t<div class=\"elementor-column elementor-col-100 elementor-top-column elementor-element elementor-element-41a68bbf\" data-id=\"41a68bbf\" data-element_type=\"column\" data-e-type=\"column\">\n\t\t\t<div class=\"elementor-widget-wrap elementor-element-populated\">\n\t\t\t\t\t\t<div class=\"elementor-element elementor-element-2af24ac7 elementor-widget elementor-widget-heading\" data-id=\"2af24ac7\" data-element_type=\"widget\" data-e-type=\"widget\" data-widget_type=\"heading.default\">\n\t\t\t\t<div class=\"elementor-widget-container\">\n\t\t\t\t\t<h2 class=\"elementor-heading-title elementor-size-default\">Kreisvorstand<\/h2>\t\t\t\t<\/div>\n\t\t\t\t<\/div>\n\t\t\t\t<section class=\"elementor-section elementor-inner-section elementor-element elementor-element-74fccf0f elementor-section-boxed elementor-section-height-default elementor-section-height-default\" data-id=\"74fccf0f\" data-element_type=\"section\" data-e-type=\"section\">\n\t\t\t\t\t\t<div class=\"elementor-container elementor-column-gap-default\">\n\t\t\t\t\t<div class=\"elementor-column elementor-col-33 elementor-inner-column elementor-element elementor-element-55432022\" data-id=\"55432022\" data-element_type=\"column\" data-e-type=\"column\">\n\t\t\t<div class=\"elementor-widget-wrap elementor-element-populated\">\n\t\t\t\t\t\t<div class=\"elementor-element elementor-element-3a62920b elementor-widget elementor-widget-image\" data-id=\"3a62920b\" data-element_type=\"widget\" data-e-type=\"widget\" data-widget_type=\"image.default\">\n\t\t\t\t<div class=\"elementor-widget-container\">\n\t\t\t\t\t\t\t\t\t\t\t\t\t\t\t<img decoding=\"async\" src=\"https:\/\/www.jef-bw.de\/ulm\/wp-content\/uploads\/sites\/21\/2023\/01\/placeholder-3-e1674580557866.png\" title=\"placeholder.png\" alt=\"placeholder.png\" loading=\"lazy\" \/>\t\t\t\t\t\t\t\t\t\t\t\t\t\t\t<\/div>\n\t\t\t\t<\/div>\n\t\t\t\t<div class=\"elementor-element elementor-element-7379a15b elementor-widget elementor-widget-heading\" data-id=\"7379a15b\" data-element_type=\"widget\" data-e-type=\"widget\" data-widget_type=\"heading.default\">\n\t\t\t\t<div class=\"elementor-widget-container\">\n\t\t\t\t\t<h2 class=\"elementor-heading-title elementor-size-default\">Ferdinand Lautier-Skanda<\/h2>\t\t\t\t<\/div>\n\t\t\t\t<\/div>\n\t\t\t\t<div class=\"elementor-element elementor-element-7a2d8363 elementor-widget elementor-widget-heading\" data-id=\"7a2d8363\" data-element_type=\"widget\" data-e-type=\"widget\" data-widget_type=\"heading.default\">\n\t\t\t\t<div class=\"elementor-widget-container\">\n\t\t\t\t\t<h2 class=\"elementor-heading-title elementor-size-default\">Kreisvorsitzender<\/h2>\t\t\t\t<\/div>\n\t\t\t\t<\/div>\n\t\t\t\t<div class=\"elementor-element elementor-element-f3cedb9 elementor-widget elementor-widget-text-editor\" data-id=\"f3cedb9\" data-element_type=\"widget\" data-e-type=\"widget\" data-widget_type=\"text-editor.default\">\n\t\t\t\t<div class=\"elementor-widget-container\">\n\t\t\t\t\t\t\t\t\t<p>E-Mail: ulm@jef-bw.de<\/p>\t\t\t\t\t\t\t\t<\/div>\n\t\t\t\t<\/div>\n\t\t\t\t\t<\/div>\n\t\t<\/div>\n\t\t\t\t<div class=\"elementor-column elementor-col-33 elementor-inner-column elementor-element elementor-element-24f222c1\" data-id=\"24f222c1\" data-element_type=\"column\" data-e-type=\"column\">\n\t\t\t<div class=\"elementor-widget-wrap elementor-element-populated\">\n\t\t\t\t\t\t<div class=\"elementor-element elementor-element-5f0b3920 elementor-widget elementor-widget-image\" data-id=\"5f0b3920\" data-element_type=\"widget\" data-e-type=\"widget\" data-widget_type=\"image.default\">\n\t\t\t\t<div class=\"elementor-widget-container\">\n\t\t\t\t\t\t\t\t\t\t\t\t\t\t\t<img decoding=\"async\" src=\"https:\/\/www.jef-bw.de\/ulm\/wp-content\/uploads\/sites\/21\/2023\/01\/placeholder-3-e1674580557866.png\" title=\"placeholder.png\" alt=\"placeholder.png\" loading=\"lazy\" \/>\t\t\t\t\t\t\t\t\t\t\t\t\t\t\t<\/div>\n\t\t\t\t<\/div>\n\t\t\t\t<div class=\"elementor-element elementor-element-5e769835 elementor-widget elementor-widget-heading\" data-id=\"5e769835\" data-element_type=\"widget\" data-e-type=\"widget\" data-widget_type=\"heading.default\">\n\t\t\t\t<div class=\"elementor-widget-container\">\n\t\t\t\t\t<h2 class=\"elementor-heading-title elementor-size-default\">-<\/h2>\t\t\t\t<\/div>\n\t\t\t\t<\/div>\n\t\t\t\t<div class=\"elementor-element elementor-element-5bae459a elementor-widget elementor-widget-heading\" data-id=\"5bae459a\" data-element_type=\"widget\" data-e-type=\"widget\" data-widget_type=\"heading.default\">\n\t\t\t\t<div class=\"elementor-widget-container\">\n\t\t\t\t\t<h2 class=\"elementor-heading-title elementor-size-default\">-<\/h2>\t\t\t\t<\/div>\n\t\t\t\t<\/div>\n\t\t\t\t\t<\/div>\n\t\t<\/div>\n\t\t\t\t<div class=\"elementor-column elementor-col-33 elementor-inner-column elementor-element elementor-element-78dca22a\" data-id=\"78dca22a\" data-element_type=\"column\" data-e-type=\"column\">\n\t\t\t<div class=\"elementor-widget-wrap elementor-element-populated\">\n\t\t\t\t\t\t<div class=\"elementor-element elementor-element-3dfd4dca elementor-widget elementor-widget-image\" data-id=\"3dfd4dca\" data-element_type=\"widget\" data-e-type=\"widget\" data-widget_type=\"image.default\">\n\t\t\t\t<div class=\"elementor-widget-container\">\n\t\t\t\t\t\t\t\t\t\t\t\t\t\t\t<img decoding=\"async\" src=\"https:\/\/www.jef-bw.de\/ulm\/wp-content\/uploads\/sites\/21\/2023\/01\/placeholder-3-e1674580557866.png\" title=\"placeholder.png\" alt=\"placeholder.png\" loading=\"lazy\" \/>\t\t\t\t\t\t\t\t\t\t\t\t\t\t\t<\/div>\n\t\t\t\t<\/div>\n\t\t\t\t<div class=\"elementor-element elementor-element-5ae44a1e elementor-widget elementor-widget-heading\" data-id=\"5ae44a1e\" data-element_type=\"widget\" data-e-type=\"widget\" data-widget_type=\"heading.default\">\n\t\t\t\t<div class=\"elementor-widget-container\">\n\t\t\t\t\t<h2 class=\"elementor-heading-title elementor-size-default\">-<\/h2>\t\t\t\t<\/div>\n\t\t\t\t<\/div>\n\t\t\t\t<div class=\"elementor-element elementor-element-659f7ee elementor-widget elementor-widget-heading\" data-id=\"659f7ee\" data-element_type=\"widget\" data-e-type=\"widget\" data-widget_type=\"heading.default\">\n\t\t\t\t<div class=\"elementor-widget-container\">\n\t\t\t\t\t<h2 class=\"elementor-heading-title elementor-size-default\">-<\/h2>\t\t\t\t<\/div>\n\t\t\t\t<\/div>\n\t\t\t\t\t<\/div>\n\t\t<\/div>\n\t\t\t\t\t<\/div>\n\t\t<\/section>\n\t\t\t\t\t<\/div>\n\t\t<\/div>\n\t\t\t\t\t<\/div>\n\t\t<\/section>\n\t\t\t\t<section class=\"elementor-section elementor-top-section elementor-element elementor-element-28c311e0 elementor-section-boxed elementor-section-height-default elementor-section-height-default\" data-id=\"28c311e0\" data-element_type=\"section\" data-e-type=\"section\" id=\"aktuelles\">\n\t\t\t\t\t\t<div class=\"elementor-container elementor-column-gap-default\">\n\t\t\t\t\t<div class=\"elementor-column elementor-col-100 elementor-top-column elementor-element elementor-element-471d9940\" data-id=\"471d9940\" data-element_type=\"column\" data-e-type=\"column\">\n\t\t\t<div class=\"elementor-widget-wrap elementor-element-populated\">\n\t\t\t\t\t\t<div class=\"elementor-element elementor-element-553b4d7c elementor-widget elementor-widget-upk-alex-grid\" data-id=\"553b4d7c\" data-element_type=\"widget\" data-e-type=\"widget\" data-widget_type=\"upk-alex-grid.default\">\n\t\t\t\t<div class=\"elementor-widget-container\">\n\t\t\t\t\t\n\t\t<div class=\"upk-alex-grid upk-ajax-grid\" data-loadmore=\"[]\">\n\t\t\t<div class=\"upk-alex-wrap upk-ajax-grid-wrap upk-content-right upk-style-2\">\n\n\t\t\t\t\n\t\t\t\t\t\t\t<div class=\"upk-item\">\n\t\t\t<div class=\"upk-image-wrap\">\n\t\t\t\t<img fetchpriority=\"high\" decoding=\"async\" width=\"768\" height=\"501\" src=\"https:\/\/www.jef-bw.de\/ulm\/wp-content\/uploads\/sites\/21\/2023\/01\/alexandre-lallemand-Pcs3mOL14Sk-unsplash-scaled-1-e1674580678170-768x501.jpg\" class=\"upk-img\" alt=\"JEF-Treffen 07.06.2019\" srcset=\"https:\/\/www.jef-bw.de\/ulm\/wp-content\/uploads\/sites\/21\/2023\/01\/alexandre-lallemand-Pcs3mOL14Sk-unsplash-scaled-1-e1674580678170-768x501.jpg 768w, https:\/\/www.jef-bw.de\/ulm\/wp-content\/uploads\/sites\/21\/2023\/01\/alexandre-lallemand-Pcs3mOL14Sk-unsplash-scaled-1-e1674580678170-300x196.jpg 300w, https:\/\/www.jef-bw.de\/ulm\/wp-content\/uploads\/sites\/21\/2023\/01\/alexandre-lallemand-Pcs3mOL14Sk-unsplash-scaled-1-e1674580678170-1024x668.jpg 1024w, https:\/\/www.jef-bw.de\/ulm\/wp-content\/uploads\/sites\/21\/2023\/01\/alexandre-lallemand-Pcs3mOL14Sk-unsplash-scaled-1-e1674580678170.jpg 1400w\" sizes=\"(max-width: 768px) 100vw, 768px\" \/>\n\t\t\t\t\t\t\t\t\t<div class=\"upk-meta\">\n\t\t\t\t\t\t\t\t<div>\n\t\t\t\t\t\n\t\t\t\t\t<div class=\"upk-flex upk-flex-middle upk-date-reading-wrap\">\n\t\t\t\t\t\t\t\t\t\t\t\t\t\t\t<div class=\"upk-date\">\n\t\t\t1. Mai 2019\t\t<\/div>\n\n\t\t\t\t\t\t\t\t\t\n\t\t\t\t\t\t\t\t\t\t\t<\/div>\n\n\t\t\t\t<\/div>\n\t\t\t<\/div>\n\t\t\n\t\n\t\t\t\t\n\t\t\t\t<div class=\"upk-content-wrap\">\n\n\t\t\t\t\t<div class=\"upk-content\">\n\t\t\t\t\t\t\t\t\t\t\t\t<h3 class=\"upk-title\"><a href=\"https:\/\/www.jef-bw.de\/ulm\/2019\/05\/01\/jef-treffen-07-06-2019\/\" title=\"JEF-Treffen 07.06.2019\" class=\"title-animation-\" aria-label=\"JEF-Treffen 07.06.2019\">JEF-Treffen 07.06.2019<\/a><\/h3>\t\t\t\t\t<\/div>\n\n\t\t\t\t\t\n\t\t\t\t<\/div>\n\t\t\t<\/div>\n\t\t<\/div>\n\t\n\t\t\t\t\n\t\t\t\t\t\t\t<div class=\"upk-item\">\n\t\t\t<div class=\"upk-image-wrap\">\n\t\t\t\t<img decoding=\"async\" class=\"upk-img\" src=\"https:\/\/www.jef-bw.de\/ulm\/wp-content\/plugins\/elementor\/assets\/images\/placeholder.png\" alt=\"Aktionstag zur Europawahl am 7. Mai &#8211; Bustour\">\n\t\t\t\t\t\t\t\t\t<div class=\"upk-meta\">\n\t\t\t\t\t\t\t\t<div>\n\t\t\t\t\t\n\t\t\t\t\t<div class=\"upk-flex upk-flex-middle upk-date-reading-wrap\">\n\t\t\t\t\t\t\t\t\t\t\t\t\t\t\t<div class=\"upk-date\">\n\t\t\t1. Mai 2019\t\t<\/div>\n\n\t\t\t\t\t\t\t\t\t\n\t\t\t\t\t\t\t\t\t\t\t<\/div>\n\n\t\t\t\t<\/div>\n\t\t\t<\/div>\n\t\t\n\t\n\t\t\t\t\n\t\t\t\t<div class=\"upk-content-wrap\">\n\n\t\t\t\t\t<div class=\"upk-content\">\n\t\t\t\t\t\t\t\t\t\t\t\t<h3 class=\"upk-title\"><a href=\"https:\/\/www.jef-bw.de\/ulm\/2019\/05\/01\/aktionstag-zur-europawahl-am-7-mai-bustour\/\" title=\"Aktionstag zur Europawahl am 7. Mai &#8211; Bustour\" class=\"title-animation-\" aria-label=\"Aktionstag zur Europawahl am 7. Mai &#8211; Bustour\">Aktionstag zur Europawahl am 7. Mai &#8211; Bustour<\/a><\/h3>\t\t\t\t\t<\/div>\n\n\t\t\t\t\t\n\t\t\t\t<\/div>\n\t\t\t<\/div>\n\t\t<\/div>\n\t\n\t\t\t\t\n\t\t\t\t\t\t\t<div class=\"upk-item\">\n\t\t\t<div class=\"upk-image-wrap\">\n\t\t\t\t<img decoding=\"async\" class=\"upk-img\" src=\"https:\/\/www.jef-bw.de\/ulm\/wp-content\/plugins\/elementor\/assets\/images\/placeholder.png\" alt=\"Let&#8217;s Clean Up Europe 2019\">\n\t\t\t\t\t\t\t\t\t<div class=\"upk-meta\">\n\t\t\t\t\t\t\t\t<div>\n\t\t\t\t\t\n\t\t\t\t\t<div class=\"upk-flex upk-flex-middle upk-date-reading-wrap\">\n\t\t\t\t\t\t\t\t\t\t\t\t\t\t\t<div class=\"upk-date\">\n\t\t\t10. Februar 2019\t\t<\/div>\n\n\t\t\t\t\t\t\t\t\t\n\t\t\t\t\t\t\t\t\t\t\t<\/div>\n\n\t\t\t\t<\/div>\n\t\t\t<\/div>\n\t\t\n\t\n\t\t\t\t\n\t\t\t\t<div class=\"upk-content-wrap\">\n\n\t\t\t\t\t<div class=\"upk-content\">\n\t\t\t\t\t\t\t\t\t\t\t\t<h3 class=\"upk-title\"><a href=\"https:\/\/www.jef-bw.de\/ulm\/2019\/02\/10\/lets-clean-up-europe-2019\/\" title=\"Let&#8217;s Clean Up Europe 2019\" class=\"title-animation-\" aria-label=\"Let&#8217;s Clean Up Europe 2019\">Let&#8217;s Clean Up Europe 2019<\/a><\/h3>\t\t\t\t\t<\/div>\n\n\t\t\t\t\t\n\t\t\t\t<\/div>\n\t\t\t<\/div>\n\t\t<\/div>\n\t\n\t\t\t\t\n\t\t\t\t\t\t\t<div class=\"upk-item\">\n\t\t\t<div class=\"upk-image-wrap\">\n\t\t\t\t<img decoding=\"async\" class=\"upk-img\" src=\"https:\/\/www.jef-bw.de\/ulm\/wp-content\/plugins\/elementor\/assets\/images\/placeholder.png\" alt=\"JAHRESHAUPTVERSAMMLUNG 2018\">\n\t\t\t\t\t\t\t\t\t<div class=\"upk-meta\">\n\t\t\t\t\t\t\t\t<div>\n\t\t\t\t\t\n\t\t\t\t\t<div class=\"upk-flex upk-flex-middle upk-date-reading-wrap\">\n\t\t\t\t\t\t\t\t\t\t\t\t\t\t\t<div class=\"upk-date\">\n\t\t\t11. November 2018\t\t<\/div>\n\n\t\t\t\t\t\t\t\t\t\n\t\t\t\t\t\t\t\t\t\t\t<\/div>\n\n\t\t\t\t<\/div>\n\t\t\t<\/div>\n\t\t\n\t\n\t\t\t\t\n\t\t\t\t<div class=\"upk-content-wrap\">\n\n\t\t\t\t\t<div class=\"upk-content\">\n\t\t\t\t\t\t\t\t\t\t\t\t<h3 class=\"upk-title\"><a href=\"https:\/\/www.jef-bw.de\/ulm\/2018\/11\/11\/jahreshauptversammlung-2018\/\" title=\"JAHRESHAUPTVERSAMMLUNG 2018\" class=\"title-animation-\" aria-label=\"JAHRESHAUPTVERSAMMLUNG 2018\">JAHRESHAUPTVERSAMMLUNG 2018<\/a><\/h3>\t\t\t\t\t<\/div>\n\n\t\t\t\t\t\n\t\t\t\t<\/div>\n\t\t\t<\/div>\n\t\t<\/div>\n\t\n\t\t\t\t\n\t\t\t\t\t\t\t<div class=\"upk-item\">\n\t\t\t<div class=\"upk-image-wrap\">\n\t\t\t\t<img decoding=\"async\" width=\"768\" height=\"512\" src=\"https:\/\/www.jef-bw.de\/ulm\/wp-content\/uploads\/sites\/21\/2017\/10\/workplace-1245776_komprimiert-768x512.jpg\" class=\"upk-img\" alt=\"B\u00fcrgerdialog &#8211; Jetzt anmelden!\" srcset=\"https:\/\/www.jef-bw.de\/ulm\/wp-content\/uploads\/sites\/21\/2017\/10\/workplace-1245776_komprimiert-768x512.jpg 768w, https:\/\/www.jef-bw.de\/ulm\/wp-content\/uploads\/sites\/21\/2017\/10\/workplace-1245776_komprimiert-300x200.jpg 300w, https:\/\/www.jef-bw.de\/ulm\/wp-content\/uploads\/sites\/21\/2017\/10\/workplace-1245776_komprimiert-1024x683.jpg 1024w\" sizes=\"(max-width: 768px) 100vw, 768px\" \/>\n\t\t\t\t\t\t\t\t\t<div class=\"upk-meta\">\n\t\t\t\t\t\t\t\t<div>\n\t\t\t\t\t\n\t\t\t\t\t<div class=\"upk-flex upk-flex-middle upk-date-reading-wrap\">\n\t\t\t\t\t\t\t\t\t\t\t\t\t\t\t<div class=\"upk-date\">\n\t\t\t12. Oktober 2017\t\t<\/div>\n\n\t\t\t\t\t\t\t\t\t\n\t\t\t\t\t\t\t\t\t\t\t<\/div>\n\n\t\t\t\t<\/div>\n\t\t\t<\/div>\n\t\t\n\t\n\t\t\t\t\n\t\t\t\t<div class=\"upk-content-wrap\">\n\n\t\t\t\t\t<div class=\"upk-content\">\n\t\t\t\t\t\t\t\t\t\t\t\t<h3 class=\"upk-title\"><a href=\"https:\/\/www.jef-bw.de\/ulm\/2017\/10\/12\/buergerdialog-jetzt-anmelden\/\" title=\"B\u00fcrgerdialog &#8211; Jetzt anmelden!\" class=\"title-animation-\" aria-label=\"B\u00fcrgerdialog &#8211; Jetzt anmelden!\">B\u00fcrgerdialog &#8211; Jetzt anmelden!<\/a><\/h3>\t\t\t\t\t<\/div>\n\n\t\t\t\t\t\n\t\t\t\t<\/div>\n\t\t\t<\/div>\n\t\t<\/div>\n\t\n\t\t\t\t\n\t\t\t\t\t\t\t<div class=\"upk-item\">\n\t\t\t<div class=\"upk-image-wrap\">\n\t\t\t\t<img decoding=\"async\" width=\"768\" height=\"576\" src=\"https:\/\/www.jef-bw.de\/ulm\/wp-content\/uploads\/sites\/21\/2017\/10\/2017_10_11-JEF-Ulm_ADK-Vorstand-alt_neu-768x576.jpg\" class=\"upk-img\" alt=\"Neuwahlen des Vorstands\" srcset=\"https:\/\/www.jef-bw.de\/ulm\/wp-content\/uploads\/sites\/21\/2017\/10\/2017_10_11-JEF-Ulm_ADK-Vorstand-alt_neu-768x576.jpg 768w, https:\/\/www.jef-bw.de\/ulm\/wp-content\/uploads\/sites\/21\/2017\/10\/2017_10_11-JEF-Ulm_ADK-Vorstand-alt_neu-300x225.jpg 300w, https:\/\/www.jef-bw.de\/ulm\/wp-content\/uploads\/sites\/21\/2017\/10\/2017_10_11-JEF-Ulm_ADK-Vorstand-alt_neu-1024x768.jpg 1024w, https:\/\/www.jef-bw.de\/ulm\/wp-content\/uploads\/sites\/21\/2017\/10\/2017_10_11-JEF-Ulm_ADK-Vorstand-alt_neu.jpg 2048w\" sizes=\"(max-width: 768px) 100vw, 768px\" \/>\n\t\t\t\t\t\t\t\t\t<div class=\"upk-meta\">\n\t\t\t\t\t\t\t\t<div>\n\t\t\t\t\t\n\t\t\t\t\t<div class=\"upk-flex upk-flex-middle upk-date-reading-wrap\">\n\t\t\t\t\t\t\t\t\t\t\t\t\t\t\t<div class=\"upk-date\">\n\t\t\t12. Oktober 2017\t\t<\/div>\n\n\t\t\t\t\t\t\t\t\t\n\t\t\t\t\t\t\t\t\t\t\t<\/div>\n\n\t\t\t\t<\/div>\n\t\t\t<\/div>\n\t\t\n\t\n\t\t\t\t\n\t\t\t\t<div class=\"upk-content-wrap\">\n\n\t\t\t\t\t<div class=\"upk-content\">\n\t\t\t\t\t\t\t\t\t\t\t\t<h3 class=\"upk-title\"><a href=\"https:\/\/www.jef-bw.de\/ulm\/2017\/10\/12\/neuwahlen-des-vorstands\/\" title=\"Neuwahlen des Vorstands\" class=\"title-animation-\" aria-label=\"Neuwahlen des Vorstands\">Neuwahlen des Vorstands<\/a><\/h3>\t\t\t\t\t<\/div>\n\n\t\t\t\t\t\n\t\t\t\t<\/div>\n\t\t\t<\/div>\n\t\t<\/div>\n\t\n\t\t\t\t\n\t\t\t<\/div>\n\t\t<\/div>\n\n\t\t\t\t\t<div class=\"ep-pagination\">\n\t\t\t\t<ul class=\"upk-pagination\" data-widget-id=\"553b4d7c\">\n<li class=\"upk-active\"><a href=\"https:\/\/www.jef-bw.de\/ulm\/wp-json\/wp\/v2\/pages\/153\/\">1<\/a><\/li>\n<li><a href=\"https:\/\/www.jef-bw.de\/ulm\/wp-json\/wp\/v2\/pages\/153\/page\/2\/\">2<\/a><\/li>\n<li><a href=\"https:\/\/www.jef-bw.de\/ulm\/wp-json\/wp\/v2\/pages\/153\/page\/3\/\">3<\/a><\/li>\n<li class=\"upk-pagination-next\"><a href=\"https:\/\/www.jef-bw.de\/ulm\/wp-json\/wp\/v2\/pages\/153\/page\/2\/\" aria-label=\"Next Page\"><span data-upk-pagination-next><i class=\"upk-icon-arrow-right-5\" aria-hidden=\"true\"><\/i><\/span><\/a><\/li>\n<\/ul>\n\t\t\t<\/div>\n\t\t\t\t<\/div>\n\t\t\t\t<\/div>\n\t\t\t\t\t<\/div>\n\t\t<\/div>\n\t\t\t\t\t<\/div>\n\t\t<\/section>\n\t\t\t\t<\/div>\n\t\t","protected":false},"excerpt":{"rendered":"<p>JEF Ulm\/Alb-Donau Hey! Willkommen bei den Jungen Europ\u00e4ern Ulm\/Alb-Donau. Wir sind eine Gruppe von jungen Leuten, die sich gemeinsam f\u00fcr ein f\u00f6derales Europa einsetzen.\u00a0Als junger Kreisverband freuen wir uns \u00fcber neue Mitglieder: Wenn du bei uns mitmachen oder einfach die JEF Ulm\/Alb-Donau kennenlernen m\u00f6chtest, schreib uns\u00a0oder komm zu einem unserer\u00a0Treffen! Wir planen regelm\u00e4\u00dfig gemeinsame Aktionen [&hellip;]<\/p>\n","protected":false},"author":1,"featured_media":0,"parent":0,"menu_order":0,"comment_status":"closed","ping_status":"closed","template":"elementor_header_footer","meta":{"ngg_post_thumbnail":0,"footnotes":""},"class_list":["post-153","page","type-page","status-publish","hentry"],"_links":{"self":[{"href":"https:\/\/www.jef-bw.de\/ulm\/wp-json\/wp\/v2\/pages\/153","targetHints":{"allow":["GET"]}}],"collection":[{"href":"https:\/\/www.jef-bw.de\/ulm\/wp-json\/wp\/v2\/pages"}],"about":[{"href":"https:\/\/www.jef-bw.de\/ulm\/wp-json\/wp\/v2\/types\/page"}],"author":[{"embeddable":true,"href":"https:\/\/www.jef-bw.de\/ulm\/wp-json\/wp\/v2\/users\/1"}],"replies":[{"embeddable":true,"href":"https:\/\/www.jef-bw.de\/ulm\/wp-json\/wp\/v2\/comments?post=153"}],"version-history":[{"count":10,"href":"https:\/\/www.jef-bw.de\/ulm\/wp-json\/wp\/v2\/pages\/153\/revisions"}],"predecessor-version":[{"id":171,"href":"https:\/\/www.jef-bw.de\/ulm\/wp-json\/wp\/v2\/pages\/153\/revisions\/171"}],"wp:attachment":[{"href":"https:\/\/www.jef-bw.de\/ulm\/wp-json\/wp\/v2\/media?parent=153"}],"curies":[{"name":"wp","href":"https:\/\/api.w.org\/{rel}","templated":true}]}}