{"id":752,"date":"2023-01-29T17:21:57","date_gmt":"2023-01-29T15:21:57","guid":{"rendered":"https:\/\/www.jef-bw.de\/konstanz\/?page_id=752"},"modified":"2023-01-29T17:32:11","modified_gmt":"2023-01-29T15:32:11","slug":"startseite","status":"publish","type":"page","link":"https:\/\/www.jef-bw.de\/konstanz\/","title":{"rendered":"Startseite"},"content":{"rendered":"\t\t<div data-elementor-type=\"wp-page\" data-elementor-id=\"752\" class=\"elementor elementor-752\" data-elementor-post-type=\"page\">\n\t\t\t\t\t\t<section class=\"elementor-section elementor-top-section elementor-element elementor-element-67d43f20 elementor-section-height-min-height elementor-section-boxed elementor-section-height-default elementor-section-items-middle\" data-id=\"67d43f20\" data-element_type=\"section\" data-e-type=\"section\" data-settings=\"{&quot;background_background&quot;:&quot;classic&quot;}\">\n\t\t\t\t\t\t<div class=\"elementor-container elementor-column-gap-default\">\n\t\t\t\t\t<div class=\"elementor-column elementor-col-100 elementor-top-column elementor-element elementor-element-613cc595\" data-id=\"613cc595\" data-element_type=\"column\" data-e-type=\"column\">\n\t\t\t<div class=\"elementor-widget-wrap elementor-element-populated\">\n\t\t\t\t\t\t<div class=\"elementor-element elementor-element-318fddac elementor-invisible elementor-widget elementor-widget-heading\" data-id=\"318fddac\" data-element_type=\"widget\" data-e-type=\"widget\" data-settings=\"{&quot;_animation&quot;:&quot;slideInUp&quot;}\" data-widget_type=\"heading.default\">\n\t\t\t\t<div class=\"elementor-widget-container\">\n\t\t\t\t\t<h2 class=\"elementor-heading-title elementor-size-default\">JEF Konstanz<\/h2>\t\t\t\t<\/div>\n\t\t\t\t<\/div>\n\t\t\t\t\t<\/div>\n\t\t<\/div>\n\t\t\t\t\t<\/div>\n\t\t<\/section>\n\t\t\t\t<section class=\"elementor-section elementor-top-section elementor-element elementor-element-f22e436 elementor-section-boxed elementor-section-height-default elementor-section-height-default\" data-id=\"f22e436\" data-element_type=\"section\" data-e-type=\"section\">\n\t\t\t\t\t\t<div class=\"elementor-container elementor-column-gap-default\">\n\t\t\t\t\t<div class=\"elementor-column elementor-col-50 elementor-top-column elementor-element elementor-element-5361921d\" data-id=\"5361921d\" data-element_type=\"column\" data-e-type=\"column\">\n\t\t\t<div class=\"elementor-widget-wrap elementor-element-populated\">\n\t\t\t\t\t\t<div class=\"elementor-element elementor-element-2d9d2f5d elementor-widget elementor-widget-heading\" data-id=\"2d9d2f5d\" data-element_type=\"widget\" data-e-type=\"widget\" data-widget_type=\"heading.default\">\n\t\t\t\t<div class=\"elementor-widget-container\">\n\t\t\t\t\t<h2 class=\"elementor-heading-title elementor-size-default\">Hey!<\/h2>\t\t\t\t<\/div>\n\t\t\t\t<\/div>\n\t\t\t\t<div class=\"elementor-element elementor-element-74bf57be elementor-widget elementor-widget-heading\" data-id=\"74bf57be\" data-element_type=\"widget\" data-e-type=\"widget\" data-widget_type=\"heading.default\">\n\t\t\t\t<div class=\"elementor-widget-container\">\n\t\t\t\t\t<h3 class=\"elementor-heading-title elementor-size-default\">Willkommen bei den Jungen Europ\u00e4ern Konstanz.<\/h3>\t\t\t\t<\/div>\n\t\t\t\t<\/div>\n\t\t\t\t<div class=\"elementor-element elementor-element-7395f1cd elementor-widget elementor-widget-text-editor\" data-id=\"7395f1cd\" data-element_type=\"widget\" data-e-type=\"widget\" data-widget_type=\"text-editor.default\">\n\t\t\t\t<div class=\"elementor-widget-container\">\n\t\t\t\t\t\t\t\t\t<p class=\"p1\">Wir sind die Jungen Europ\u00e4er Konstanz. Wir sind Teil einer internationalen Jugendbewegung, die sich f\u00fcr ein vereintes und demokratisches Europa einsetzt. Unser Ziel ist es eine Plattform f\u00fcr alle diejenigen zu sein, die sich politisch interessieren und \u00fcberparteilich einbringen wollen. Wir stehen f\u00fcr ein b\u00fcrgernahes, partizipatives und rechtsstaatliches Europa.<\/p><p class=\"p1\">Unser Motto \u201cEuropa erleben, Europa verstehen, Europa gestalten\u201d setzen wir hier in Konstanz als Verein und Hochschulgruppe auf lokaler Ebene um. Wir verstehen uns als junge Menschen, die den europ\u00e4ischen Gedanken leben und vermitteln wollen.<\/p><p class=\"p1\">Deswegen organisieren wir Veranstaltungen wie zum Beispiel Vortr\u00e4ge und Podiumsdiskussionen, treffen uns zu w\u00f6chentlichen Stammtischen, um \u00fcber aktuelle Themen zu diskutieren und organisieren gemeinsame Bildungsreisen zu Europ\u00e4ischen Zentren. Auf diese Weise wollen wir Europa hautnah erlebbar machen.<\/p>\t\t\t\t\t\t\t\t<\/div>\n\t\t\t\t<\/div>\n\t\t\t\t\t<\/div>\n\t\t<\/div>\n\t\t\t\t<div class=\"elementor-column elementor-col-50 elementor-top-column elementor-element elementor-element-7c7065a2\" data-id=\"7c7065a2\" data-element_type=\"column\" data-e-type=\"column\">\n\t\t\t<div class=\"elementor-widget-wrap elementor-element-populated\">\n\t\t\t\t\t\t<div class=\"elementor-element elementor-element-6ae92c4e elementor-widget elementor-widget-image\" data-id=\"6ae92c4e\" data-element_type=\"widget\" data-e-type=\"widget\" data-widget_type=\"image.default\">\n\t\t\t\t<div class=\"elementor-widget-container\">\n\t\t\t\t\t\t\t\t\t\t\t\t\t\t\t<img decoding=\"async\" src=\"https:\/\/www.jef-bw.de\/konstanz\/wp-content\/uploads\/sites\/8\/2022\/01\/Landesversammlung_2021_branded.png\" title=\"Landesversammlung_2021_branded\" alt=\"Landesversammlung_2021_branded\" loading=\"lazy\" \/>\t\t\t\t\t\t\t\t\t\t\t\t\t\t\t<\/div>\n\t\t\t\t<\/div>\n\t\t\t\t\t<\/div>\n\t\t<\/div>\n\t\t\t\t\t<\/div>\n\t\t<\/section>\n\t\t\t\t<section class=\"elementor-section elementor-top-section elementor-element elementor-element-96dc3cc elementor-section-boxed elementor-section-height-default elementor-section-height-default\" data-id=\"96dc3cc\" data-element_type=\"section\" data-e-type=\"section\">\n\t\t\t\t\t\t<div class=\"elementor-container elementor-column-gap-default\">\n\t\t\t\t\t<div class=\"elementor-column elementor-col-100 elementor-top-column elementor-element elementor-element-491fde53\" data-id=\"491fde53\" data-element_type=\"column\" data-e-type=\"column\">\n\t\t\t<div class=\"elementor-widget-wrap elementor-element-populated\">\n\t\t\t\t\t\t<div class=\"elementor-element elementor-element-6954a37 elementor-align-center elementor-widget elementor-widget-button\" data-id=\"6954a37\" data-element_type=\"widget\" data-e-type=\"widget\" data-widget_type=\"button.default\">\n\t\t\t\t<div class=\"elementor-widget-container\">\n\t\t\t\t\t\t\t\t\t<div class=\"elementor-button-wrapper\">\n\t\t\t\t\t<a class=\"elementor-button elementor-button-link elementor-size-md elementor-animation-shrink\" href=\"https:\/\/www.jef-bw.de\/mitgliedwerden\/\" target=\"_blank\">\n\t\t\t\t\t\t<span class=\"elementor-button-content-wrapper\">\n\t\t\t\t\t\t\t\t\t<span class=\"elementor-button-text\">Jetzt Mitglied werden<\/span>\n\t\t\t\t\t<\/span>\n\t\t\t\t\t<\/a>\n\t\t\t\t<\/div>\n\t\t\t\t\t\t\t\t<\/div>\n\t\t\t\t<\/div>\n\t\t\t\t<div class=\"elementor-element elementor-element-23507db8 elementor-widget elementor-widget-heading\" data-id=\"23507db8\" data-element_type=\"widget\" data-e-type=\"widget\" data-widget_type=\"heading.default\">\n\t\t\t\t<div class=\"elementor-widget-container\">\n\t\t\t\t\t<h2 class=\"elementor-heading-title elementor-size-default\">Folge uns auf Social Media<\/h2>\t\t\t\t<\/div>\n\t\t\t\t<\/div>\n\t\t\t\t<div class=\"elementor-element elementor-element-170f66f8 elementor-shape-circle elementor-grid-0 e-grid-align-center elementor-widget elementor-widget-social-icons\" data-id=\"170f66f8\" data-element_type=\"widget\" data-e-type=\"widget\" data-widget_type=\"social-icons.default\">\n\t\t\t\t<div class=\"elementor-widget-container\">\n\t\t\t\t\t\t\t<div class=\"elementor-social-icons-wrapper elementor-grid\" role=\"list\">\n\t\t\t\t\t\t\t<span class=\"elementor-grid-item\" role=\"listitem\">\n\t\t\t\t\t<a class=\"elementor-icon elementor-social-icon elementor-social-icon-facebook elementor-animation-shrink elementor-repeater-item-3f64767\" href=\"https:\/\/www.facebook.com\/jef.konstanz\/\" target=\"_blank\">\n\t\t\t\t\t\t<span class=\"elementor-screen-only\">Facebook<\/span>\n\t\t\t\t\t\t<i aria-hidden=\"true\" class=\"fab fa-facebook\"><\/i>\t\t\t\t\t<\/a>\n\t\t\t\t<\/span>\n\t\t\t\t\t\t\t<span class=\"elementor-grid-item\" role=\"listitem\">\n\t\t\t\t\t<a class=\"elementor-icon elementor-social-icon elementor-social-icon-twitter elementor-animation-shrink elementor-repeater-item-2069a0f\" href=\"https:\/\/twitter.com\/JEF_Konstanz\" target=\"_blank\">\n\t\t\t\t\t\t<span class=\"elementor-screen-only\">Twitter<\/span>\n\t\t\t\t\t\t<i aria-hidden=\"true\" class=\"fab fa-twitter\"><\/i>\t\t\t\t\t<\/a>\n\t\t\t\t<\/span>\n\t\t\t\t\t\t\t<span class=\"elementor-grid-item\" role=\"listitem\">\n\t\t\t\t\t<a class=\"elementor-icon elementor-social-icon elementor-social-icon-instagram elementor-animation-shrink elementor-repeater-item-d37e7d5\" href=\"https:\/\/www.instagram.com\/jef_konstanz\/\" target=\"_blank\">\n\t\t\t\t\t\t<span class=\"elementor-screen-only\">Instagram<\/span>\n\t\t\t\t\t\t<i aria-hidden=\"true\" class=\"fab fa-instagram\"><\/i>\t\t\t\t\t<\/a>\n\t\t\t\t<\/span>\n\t\t\t\t\t<\/div>\n\t\t\t\t\t\t<\/div>\n\t\t\t\t<\/div>\n\t\t\t\t\t<\/div>\n\t\t<\/div>\n\t\t\t\t\t<\/div>\n\t\t<\/section>\n\t\t\t\t<section class=\"elementor-section elementor-top-section elementor-element elementor-element-2cd75769 elementor-section-boxed elementor-section-height-default elementor-section-height-default\" data-id=\"2cd75769\" data-element_type=\"section\" data-e-type=\"section\" id=\"veranstaltungen\" data-settings=\"{&quot;background_background&quot;:&quot;gradient&quot;}\">\n\t\t\t\t\t\t<div class=\"elementor-container elementor-column-gap-default\">\n\t\t\t\t\t<div class=\"elementor-column elementor-col-100 elementor-top-column elementor-element elementor-element-5569c860\" data-id=\"5569c860\" data-element_type=\"column\" data-e-type=\"column\">\n\t\t\t<div class=\"elementor-widget-wrap elementor-element-populated\">\n\t\t\t\t\t\t<div class=\"elementor-element elementor-element-3b57b7f7 elementor-widget elementor-widget-heading\" data-id=\"3b57b7f7\" data-element_type=\"widget\" data-e-type=\"widget\" data-widget_type=\"heading.default\">\n\t\t\t\t<div class=\"elementor-widget-container\">\n\t\t\t\t\t<h2 class=\"elementor-heading-title elementor-size-default\">Veranstaltungen<\/h2>\t\t\t\t<\/div>\n\t\t\t\t<\/div>\n\t\t\t\t<div class=\"elementor-element elementor-element-3e2fd3d8 elementor-widget elementor-widget-accordion\" data-id=\"3e2fd3d8\" data-element_type=\"widget\" data-e-type=\"widget\" data-widget_type=\"accordion.default\">\n\t\t\t\t<div class=\"elementor-widget-container\">\n\t\t\t\t\t\t\t<div class=\"elementor-accordion\">\n\t\t\t\t\t\t\t<div class=\"elementor-accordion-item\">\n\t\t\t\t\t<div id=\"elementor-tab-title-1041\" class=\"elementor-tab-title\" data-tab=\"1\" role=\"button\" aria-controls=\"elementor-tab-content-1041\" aria-expanded=\"false\">\n\t\t\t\t\t\t\t\t\t\t\t\t\t<span class=\"elementor-accordion-icon elementor-accordion-icon-left\" aria-hidden=\"true\">\n\t\t\t\t\t\t\t\t\t\t\t\t\t\t\t<span class=\"elementor-accordion-icon-closed\"><i class=\"fas fa-chevron-down\"><\/i><\/span>\n\t\t\t\t\t\t\t\t<span class=\"elementor-accordion-icon-opened\"><i class=\"fas fa-chevron-up\"><\/i><\/span>\n\t\t\t\t\t\t\t\t\t\t\t\t\t\t<\/span>\n\t\t\t\t\t\t\t\t\t\t\t\t<a class=\"elementor-accordion-title\" tabindex=\"0\">Keine aktuellen Veranstaltungen<\/a>\n\t\t\t\t\t<\/div>\n\t\t\t\t\t<div id=\"elementor-tab-content-1041\" class=\"elementor-tab-content elementor-clearfix\" data-tab=\"1\" role=\"region\" aria-labelledby=\"elementor-tab-title-1041\"><p>Aktuell sind keine Veranstaltungen in unserem Kreisverband geplant.<\/p><p class=\"p1\">W\u00e4hrend des Semesters treffen wir uns w\u00f6chentlich zu unserem Stammtisch, wo wir ein aktuelles europ\u00e4isches Thema besprechen und diskutieren. Wenn du also Lust hast, schaue gerne vorbei!<\/p><p class=\"p1\">Donnerstags, 20 Uhr<br \/>Caf\u00e9 Antik\u00a0(Hussenstra\u00dfe 3, 78462 Konstanz)<\/p><p><strong>Du m\u00f6chtest \u00fcber unsere n\u00e4chste Veranstaltung direkt informiert werden?<\/strong> Dann schreibe uns einfach eine E-Mail an <span style=\"color: #00cc66;\"><a style=\"color: #00cc66;\" href=\"mailto:konstanz@jef-bw.de\">konstanz@jef-bw.de<\/a><\/span> und wir melden uns bei dir!<\/p><\/div>\n\t\t\t\t<\/div>\n\t\t\t\t\t\t\t\t<\/div>\n\t\t\t\t\t\t<\/div>\n\t\t\t\t<\/div>\n\t\t\t\t\t<\/div>\n\t\t<\/div>\n\t\t\t\t\t<\/div>\n\t\t<\/section>\n\t\t\t\t<section class=\"elementor-section elementor-top-section elementor-element elementor-element-6df8f7e5 elementor-section-boxed elementor-section-height-default elementor-section-height-default\" data-id=\"6df8f7e5\" data-element_type=\"section\" data-e-type=\"section\" id=\"vorstand\">\n\t\t\t\t\t\t<div class=\"elementor-container elementor-column-gap-default\">\n\t\t\t\t\t<div class=\"elementor-column elementor-col-100 elementor-top-column elementor-element elementor-element-6509fceb\" data-id=\"6509fceb\" data-element_type=\"column\" data-e-type=\"column\">\n\t\t\t<div class=\"elementor-widget-wrap elementor-element-populated\">\n\t\t\t\t\t\t<div class=\"elementor-element elementor-element-4e70605b elementor-widget elementor-widget-heading\" data-id=\"4e70605b\" data-element_type=\"widget\" data-e-type=\"widget\" data-widget_type=\"heading.default\">\n\t\t\t\t<div class=\"elementor-widget-container\">\n\t\t\t\t\t<h2 class=\"elementor-heading-title elementor-size-default\">Kreisvorstand<\/h2>\t\t\t\t<\/div>\n\t\t\t\t<\/div>\n\t\t\t\t<section class=\"elementor-section elementor-inner-section elementor-element elementor-element-16a45e99 elementor-section-boxed elementor-section-height-default elementor-section-height-default\" data-id=\"16a45e99\" data-element_type=\"section\" data-e-type=\"section\">\n\t\t\t\t\t\t<div class=\"elementor-container elementor-column-gap-default\">\n\t\t\t\t\t<div class=\"elementor-column elementor-col-33 elementor-inner-column elementor-element elementor-element-13d0c6b8\" data-id=\"13d0c6b8\" data-element_type=\"column\" data-e-type=\"column\">\n\t\t\t<div class=\"elementor-widget-wrap elementor-element-populated\">\n\t\t\t\t\t\t<div class=\"elementor-element elementor-element-6d674baf elementor-widget elementor-widget-image\" data-id=\"6d674baf\" data-element_type=\"widget\" data-e-type=\"widget\" data-widget_type=\"image.default\">\n\t\t\t\t<div class=\"elementor-widget-container\">\n\t\t\t\t\t\t\t\t\t\t\t\t\t\t\t<img decoding=\"async\" src=\"https:\/\/www.jef-bw.de\/konstanz\/wp-content\/uploads\/sites\/8\/2023\/01\/placeholder-3-e1674997864664.png\" title=\"placeholder-3-e1674997864664.png\" alt=\"placeholder-3-e1674997864664.png\" loading=\"lazy\" \/>\t\t\t\t\t\t\t\t\t\t\t\t\t\t\t<\/div>\n\t\t\t\t<\/div>\n\t\t\t\t<div class=\"elementor-element elementor-element-4fade9b1 elementor-widget elementor-widget-heading\" data-id=\"4fade9b1\" data-element_type=\"widget\" data-e-type=\"widget\" data-widget_type=\"heading.default\">\n\t\t\t\t<div class=\"elementor-widget-container\">\n\t\t\t\t\t<h2 class=\"elementor-heading-title elementor-size-default\">Erik Romera Tiedemann<\/h2>\t\t\t\t<\/div>\n\t\t\t\t<\/div>\n\t\t\t\t<div class=\"elementor-element elementor-element-41154073 elementor-widget elementor-widget-heading\" data-id=\"41154073\" data-element_type=\"widget\" data-e-type=\"widget\" data-widget_type=\"heading.default\">\n\t\t\t\t<div class=\"elementor-widget-container\">\n\t\t\t\t\t<h2 class=\"elementor-heading-title elementor-size-default\">Kreisvorsitzender<\/h2>\t\t\t\t<\/div>\n\t\t\t\t<\/div>\n\t\t\t\t<div class=\"elementor-element elementor-element-789e6f91 elementor-widget elementor-widget-text-editor\" data-id=\"789e6f91\" data-element_type=\"widget\" data-e-type=\"widget\" data-widget_type=\"text-editor.default\">\n\t\t\t\t<div class=\"elementor-widget-container\">\n\t\t\t\t\t\t\t\t\t<p>E-Mail: konstanz@jef-bw.de<\/p>\t\t\t\t\t\t\t\t<\/div>\n\t\t\t\t<\/div>\n\t\t\t\t\t<\/div>\n\t\t<\/div>\n\t\t\t\t<div class=\"elementor-column elementor-col-33 elementor-inner-column elementor-element elementor-element-5dcefe1\" data-id=\"5dcefe1\" data-element_type=\"column\" data-e-type=\"column\">\n\t\t\t<div class=\"elementor-widget-wrap elementor-element-populated\">\n\t\t\t\t\t\t<div class=\"elementor-element elementor-element-7dc54a9b elementor-widget elementor-widget-image\" data-id=\"7dc54a9b\" data-element_type=\"widget\" data-e-type=\"widget\" data-widget_type=\"image.default\">\n\t\t\t\t<div class=\"elementor-widget-container\">\n\t\t\t\t\t\t\t\t\t\t\t\t\t\t\t<img decoding=\"async\" src=\"https:\/\/www.jef-bw.de\/konstanz\/wp-content\/uploads\/sites\/8\/2023\/01\/placeholder-3-e1674997864664.png\" title=\"placeholder-3-e1674997864664.png\" alt=\"placeholder-3-e1674997864664.png\" loading=\"lazy\" \/>\t\t\t\t\t\t\t\t\t\t\t\t\t\t\t<\/div>\n\t\t\t\t<\/div>\n\t\t\t\t<div class=\"elementor-element elementor-element-1afebb7 elementor-widget elementor-widget-heading\" data-id=\"1afebb7\" data-element_type=\"widget\" data-e-type=\"widget\" data-widget_type=\"heading.default\">\n\t\t\t\t<div class=\"elementor-widget-container\">\n\t\t\t\t\t<h2 class=\"elementor-heading-title elementor-size-default\">-<\/h2>\t\t\t\t<\/div>\n\t\t\t\t<\/div>\n\t\t\t\t<div class=\"elementor-element elementor-element-1f75c2cb elementor-widget elementor-widget-heading\" data-id=\"1f75c2cb\" data-element_type=\"widget\" data-e-type=\"widget\" data-widget_type=\"heading.default\">\n\t\t\t\t<div class=\"elementor-widget-container\">\n\t\t\t\t\t<h2 class=\"elementor-heading-title elementor-size-default\">-<\/h2>\t\t\t\t<\/div>\n\t\t\t\t<\/div>\n\t\t\t\t\t<\/div>\n\t\t<\/div>\n\t\t\t\t<div class=\"elementor-column elementor-col-33 elementor-inner-column elementor-element elementor-element-7939a027\" data-id=\"7939a027\" data-element_type=\"column\" data-e-type=\"column\">\n\t\t\t<div class=\"elementor-widget-wrap elementor-element-populated\">\n\t\t\t\t\t\t<div class=\"elementor-element elementor-element-17fcda92 elementor-widget elementor-widget-image\" data-id=\"17fcda92\" data-element_type=\"widget\" data-e-type=\"widget\" data-widget_type=\"image.default\">\n\t\t\t\t<div class=\"elementor-widget-container\">\n\t\t\t\t\t\t\t\t\t\t\t\t\t\t\t<img decoding=\"async\" src=\"https:\/\/www.jef-bw.de\/konstanz\/wp-content\/uploads\/sites\/8\/2023\/01\/placeholder-3-e1674997864664.png\" title=\"placeholder-3-e1674997864664.png\" alt=\"placeholder-3-e1674997864664.png\" loading=\"lazy\" \/>\t\t\t\t\t\t\t\t\t\t\t\t\t\t\t<\/div>\n\t\t\t\t<\/div>\n\t\t\t\t<div class=\"elementor-element elementor-element-2ed01f79 elementor-widget elementor-widget-heading\" data-id=\"2ed01f79\" data-element_type=\"widget\" data-e-type=\"widget\" data-widget_type=\"heading.default\">\n\t\t\t\t<div class=\"elementor-widget-container\">\n\t\t\t\t\t<h2 class=\"elementor-heading-title elementor-size-default\">-<\/h2>\t\t\t\t<\/div>\n\t\t\t\t<\/div>\n\t\t\t\t<div class=\"elementor-element elementor-element-376ccd8e elementor-widget elementor-widget-heading\" data-id=\"376ccd8e\" data-element_type=\"widget\" data-e-type=\"widget\" data-widget_type=\"heading.default\">\n\t\t\t\t<div class=\"elementor-widget-container\">\n\t\t\t\t\t<h2 class=\"elementor-heading-title elementor-size-default\">-<\/h2>\t\t\t\t<\/div>\n\t\t\t\t<\/div>\n\t\t\t\t\t<\/div>\n\t\t<\/div>\n\t\t\t\t\t<\/div>\n\t\t<\/section>\n\t\t\t\t\t<\/div>\n\t\t<\/div>\n\t\t\t\t\t<\/div>\n\t\t<\/section>\n\t\t\t\t<section class=\"elementor-section elementor-top-section elementor-element elementor-element-58e22434 elementor-section-boxed elementor-section-height-default elementor-section-height-default\" data-id=\"58e22434\" data-element_type=\"section\" data-e-type=\"section\" id=\"aktuelles\">\n\t\t\t\t\t\t<div class=\"elementor-container elementor-column-gap-default\">\n\t\t\t\t\t<div class=\"elementor-column elementor-col-100 elementor-top-column elementor-element elementor-element-386b8f09\" data-id=\"386b8f09\" data-element_type=\"column\" data-e-type=\"column\">\n\t\t\t<div class=\"elementor-widget-wrap elementor-element-populated\">\n\t\t\t\t\t\t<div class=\"elementor-element elementor-element-a3a5067 elementor-widget elementor-widget-upk-alex-grid\" data-id=\"a3a5067\" data-element_type=\"widget\" data-e-type=\"widget\" data-widget_type=\"upk-alex-grid.default\">\n\t\t\t\t<div class=\"elementor-widget-container\">\n\t\t\t\t\t\n\t\t<div class=\"upk-alex-grid upk-ajax-grid\" data-loadmore=\"[]\">\n\t\t\t<div class=\"upk-alex-wrap upk-ajax-grid-wrap upk-content-right upk-style-2\">\n\n\t\t\t\t\n\t\t\t\t\t\t\t<div class=\"upk-item\">\n\t\t\t<div class=\"upk-image-wrap\">\n\t\t\t\t<img fetchpriority=\"high\" decoding=\"async\" width=\"768\" height=\"577\" src=\"https:\/\/www.jef-bw.de\/konstanz\/wp-content\/uploads\/sites\/8\/2020\/02\/Berlin-BKamt-768x577.jpg\" class=\"upk-img\" alt=\"Die Jungen Europ\u00e4er Konstanz in Berlin\" srcset=\"https:\/\/www.jef-bw.de\/konstanz\/wp-content\/uploads\/sites\/8\/2020\/02\/Berlin-BKamt-768x577.jpg 768w, https:\/\/www.jef-bw.de\/konstanz\/wp-content\/uploads\/sites\/8\/2020\/02\/Berlin-BKamt-300x225.jpg 300w, https:\/\/www.jef-bw.de\/konstanz\/wp-content\/uploads\/sites\/8\/2020\/02\/Berlin-BKamt-1024x769.jpg 1024w\" sizes=\"(max-width: 768px) 100vw, 768px\" \/>\n\t\t\t\t\t\t\t\t\t<div class=\"upk-meta\">\n\t\t\t\t\t\t\t\t<div>\n\t\t\t\t\t\n\t\t\t\t\t<div class=\"upk-flex upk-flex-middle upk-date-reading-wrap\">\n\t\t\t\t\t\t\t\t\t\t\t\t\t\t\t<div class=\"upk-date\">\n\t\t\t27. Februar 2020\t\t<\/div>\n\n\t\t\t\t\t\t\t\t\t\n\t\t\t\t\t\t\t\t\t\t\t<\/div>\n\n\t\t\t\t<\/div>\n\t\t\t<\/div>\n\t\t\n\t\n\t\t\t\t\n\t\t\t\t<div class=\"upk-content-wrap\">\n\n\t\t\t\t\t<div class=\"upk-content\">\n\t\t\t\t\t\t\t\t\t\t\t\t<h3 class=\"upk-title\"><a href=\"https:\/\/www.jef-bw.de\/konstanz\/2020\/02\/27\/die-jungen-europaeer-konstanz-in-berlin\/\" title=\"Die Jungen Europ\u00e4er Konstanz in Berlin\" class=\"title-animation-\" aria-label=\"Die Jungen Europ\u00e4er Konstanz in Berlin\">Die Jungen Europ\u00e4er Konstanz in Berlin<\/a><\/h3>\t\t\t\t\t<\/div>\n\n\t\t\t\t\t\n\t\t\t\t<\/div>\n\t\t\t<\/div>\n\t\t<\/div>\n\t\n\t\t\t\t\n\t\t\t\t\t\t\t<div class=\"upk-item\">\n\t\t\t<div class=\"upk-image-wrap\">\n\t\t\t\t<img decoding=\"async\" class=\"upk-img\" src=\"https:\/\/www.jef-bw.de\/konstanz\/wp-content\/plugins\/elementor\/assets\/images\/placeholder.png\" alt=\"Vortrag EUROPA: Was nun?\">\n\t\t\t\t\t\t\t\t\t<div class=\"upk-meta\">\n\t\t\t\t\t\t\t\t<div>\n\t\t\t\t\t\n\t\t\t\t\t<div class=\"upk-flex upk-flex-middle upk-date-reading-wrap\">\n\t\t\t\t\t\t\t\t\t\t\t\t\t\t\t<div class=\"upk-date\">\n\t\t\t24. Oktober 2019\t\t<\/div>\n\n\t\t\t\t\t\t\t\t\t\n\t\t\t\t\t\t\t\t\t\t\t<\/div>\n\n\t\t\t\t<\/div>\n\t\t\t<\/div>\n\t\t\n\t\n\t\t\t\t\n\t\t\t\t<div class=\"upk-content-wrap\">\n\n\t\t\t\t\t<div class=\"upk-content\">\n\t\t\t\t\t\t\t\t\t\t\t\t<h3 class=\"upk-title\"><a href=\"https:\/\/www.jef-bw.de\/konstanz\/2019\/10\/24\/europa-was-nun\/\" title=\"Vortrag EUROPA: Was nun?\" class=\"title-animation-\" aria-label=\"Vortrag EUROPA: Was nun?\">Vortrag EUROPA: Was nun?<\/a><\/h3>\t\t\t\t\t<\/div>\n\n\t\t\t\t\t\n\t\t\t\t<\/div>\n\t\t\t<\/div>\n\t\t<\/div>\n\t\n\t\t\t\t\n\t\t\t\t\t\t\t<div class=\"upk-item\">\n\t\t\t<div class=\"upk-image-wrap\">\n\t\t\t\t<img decoding=\"async\" class=\"upk-img\" src=\"https:\/\/www.jef-bw.de\/konstanz\/wp-content\/plugins\/elementor\/assets\/images\/placeholder.png\" alt=\"Bundeskongress 2019 in Berlin\">\n\t\t\t\t\t\t\t\t\t<div class=\"upk-meta\">\n\t\t\t\t\t\t\t\t<div>\n\t\t\t\t\t\n\t\t\t\t\t<div class=\"upk-flex upk-flex-middle upk-date-reading-wrap\">\n\t\t\t\t\t\t\t\t\t\t\t\t\t\t\t<div class=\"upk-date\">\n\t\t\t15. Oktober 2019\t\t<\/div>\n\n\t\t\t\t\t\t\t\t\t\n\t\t\t\t\t\t\t\t\t\t\t<\/div>\n\n\t\t\t\t<\/div>\n\t\t\t<\/div>\n\t\t\n\t\n\t\t\t\t\n\t\t\t\t<div class=\"upk-content-wrap\">\n\n\t\t\t\t\t<div class=\"upk-content\">\n\t\t\t\t\t\t\t\t\t\t\t\t<h3 class=\"upk-title\"><a href=\"https:\/\/www.jef-bw.de\/konstanz\/2019\/10\/15\/bundeskongress-2019-in-berlin\/\" title=\"Bundeskongress 2019 in Berlin\" class=\"title-animation-\" aria-label=\"Bundeskongress 2019 in Berlin\">Bundeskongress 2019 in Berlin<\/a><\/h3>\t\t\t\t\t<\/div>\n\n\t\t\t\t\t\n\t\t\t\t<\/div>\n\t\t\t<\/div>\n\t\t<\/div>\n\t\n\t\t\t\t\n\t\t\t\t\t\t\t<div class=\"upk-item\">\n\t\t\t<div class=\"upk-image-wrap\">\n\t\t\t\t<img decoding=\"async\" class=\"upk-img\" src=\"https:\/\/www.jef-bw.de\/konstanz\/wp-content\/plugins\/elementor\/assets\/images\/placeholder.png\" alt=\"Die JEF Konstanz in Europas Hauptstadt\">\n\t\t\t\t\t\t\t\t\t<div class=\"upk-meta\">\n\t\t\t\t\t\t\t\t<div>\n\t\t\t\t\t\n\t\t\t\t\t<div class=\"upk-flex upk-flex-middle upk-date-reading-wrap\">\n\t\t\t\t\t\t\t\t\t\t\t\t\t\t\t<div class=\"upk-date\">\n\t\t\t8. Oktober 2019\t\t<\/div>\n\n\t\t\t\t\t\t\t\t\t\n\t\t\t\t\t\t\t\t\t\t\t<\/div>\n\n\t\t\t\t<\/div>\n\t\t\t<\/div>\n\t\t\n\t\n\t\t\t\t\n\t\t\t\t<div class=\"upk-content-wrap\">\n\n\t\t\t\t\t<div class=\"upk-content\">\n\t\t\t\t\t\t\t\t\t\t\t\t<h3 class=\"upk-title\"><a href=\"https:\/\/www.jef-bw.de\/konstanz\/2019\/10\/08\/die-jef-konstanz-in-europas-hauptstadt\/\" title=\"Die JEF Konstanz in Europas Hauptstadt\" class=\"title-animation-\" aria-label=\"Die JEF Konstanz in Europas Hauptstadt\">Die JEF Konstanz in Europas Hauptstadt<\/a><\/h3>\t\t\t\t\t<\/div>\n\n\t\t\t\t\t\n\t\t\t\t<\/div>\n\t\t\t<\/div>\n\t\t<\/div>\n\t\n\t\t\t\t\n\t\t\t\t\t\t\t<div class=\"upk-item\">\n\t\t\t<div class=\"upk-image-wrap\">\n\t\t\t\t<img decoding=\"async\" class=\"upk-img\" src=\"https:\/\/www.jef-bw.de\/konstanz\/wp-content\/plugins\/elementor\/assets\/images\/placeholder.png\" alt=\"Evelyne Gebhardt zu Gast bei den Jungen Europ\u00e4ern Konstanz\">\n\t\t\t\t\t\t\t\t\t<div class=\"upk-meta\">\n\t\t\t\t\t\t\t\t<div>\n\t\t\t\t\t\n\t\t\t\t\t<div class=\"upk-flex upk-flex-middle upk-date-reading-wrap\">\n\t\t\t\t\t\t\t\t\t\t\t\t\t\t\t<div class=\"upk-date\">\n\t\t\t23. Mai 2019\t\t<\/div>\n\n\t\t\t\t\t\t\t\t\t\n\t\t\t\t\t\t\t\t\t\t\t<\/div>\n\n\t\t\t\t<\/div>\n\t\t\t<\/div>\n\t\t\n\t\n\t\t\t\t\n\t\t\t\t<div class=\"upk-content-wrap\">\n\n\t\t\t\t\t<div class=\"upk-content\">\n\t\t\t\t\t\t\t\t\t\t\t\t<h3 class=\"upk-title\"><a href=\"https:\/\/www.jef-bw.de\/konstanz\/2019\/05\/23\/evelyne-gebhardt-zu-gast-bei-den-jungen-europaeern-konstanz\/\" title=\"Evelyne Gebhardt zu Gast bei den Jungen Europ\u00e4ern Konstanz\" class=\"title-animation-\" aria-label=\"Evelyne Gebhardt zu Gast bei den Jungen Europ\u00e4ern Konstanz\">Evelyne Gebhardt zu Gast bei den Jungen Europ\u00e4ern Konstanz<\/a><\/h3>\t\t\t\t\t<\/div>\n\n\t\t\t\t\t\n\t\t\t\t<\/div>\n\t\t\t<\/div>\n\t\t<\/div>\n\t\n\t\t\t\t\n\t\t\t\t\t\t\t<div class=\"upk-item\">\n\t\t\t<div class=\"upk-image-wrap\">\n\t\t\t\t<img decoding=\"async\" class=\"upk-img\" src=\"https:\/\/www.jef-bw.de\/konstanz\/wp-content\/plugins\/elementor\/assets\/images\/placeholder.png\" alt=\"Baden-W\u00fcrttemberg &#8211; Ein starkes St\u00fcck Europa &#8211; Lesung von Notburg Geibel in Konstanz\">\n\t\t\t\t\t\t\t\t\t<div class=\"upk-meta\">\n\t\t\t\t\t\t\t\t<div>\n\t\t\t\t\t\n\t\t\t\t\t<div class=\"upk-flex upk-flex-middle upk-date-reading-wrap\">\n\t\t\t\t\t\t\t\t\t\t\t\t\t\t\t<div class=\"upk-date\">\n\t\t\t7. Mai 2019\t\t<\/div>\n\n\t\t\t\t\t\t\t\t\t\n\t\t\t\t\t\t\t\t\t\t\t<\/div>\n\n\t\t\t\t<\/div>\n\t\t\t<\/div>\n\t\t\n\t\n\t\t\t\t\n\t\t\t\t<div class=\"upk-content-wrap\">\n\n\t\t\t\t\t<div class=\"upk-content\">\n\t\t\t\t\t\t\t\t\t\t\t\t<h3 class=\"upk-title\"><a href=\"https:\/\/www.jef-bw.de\/konstanz\/2019\/05\/07\/baden-wuerttemberg-ein-starkes-stueck-europa-lesung-von-notburg-geibel-in-konstanz\/\" title=\"Baden-W\u00fcrttemberg &#8211; Ein starkes St\u00fcck Europa &#8211; Lesung von Notburg Geibel in Konstanz\" class=\"title-animation-\" aria-label=\"Baden-W\u00fcrttemberg &#8211; Ein starkes St\u00fcck Europa &#8211; Lesung von Notburg Geibel in Konstanz\">Baden-W\u00fcrttemberg &#8211; Ein starkes St\u00fcck Europa &#8211; Lesung von Notburg Geibel in Konstanz<\/a><\/h3>\t\t\t\t\t<\/div>\n\n\t\t\t\t\t\n\t\t\t\t<\/div>\n\t\t\t<\/div>\n\t\t<\/div>\n\t\n\t\t\t\t\n\t\t\t<\/div>\n\t\t<\/div>\n\n\t\t\t\t\t<div class=\"ep-pagination\">\n\t\t\t\t<ul class=\"upk-pagination\" data-widget-id=\"a3a5067\">\n<li class=\"upk-active\"><a href=\"https:\/\/www.jef-bw.de\/konstanz\/wp-json\/wp\/v2\/pages\/752\/\">1<\/a><\/li>\n<li><a href=\"https:\/\/www.jef-bw.de\/konstanz\/wp-json\/wp\/v2\/pages\/752\/page\/2\/\">2<\/a><\/li>\n<li class=\"upk-pagination-next\"><a href=\"https:\/\/www.jef-bw.de\/konstanz\/wp-json\/wp\/v2\/pages\/752\/page\/2\/\" aria-label=\"Next Page\"><span data-upk-pagination-next><i class=\"upk-icon-arrow-right-5\" aria-hidden=\"true\"><\/i><\/span><\/a><\/li>\n<\/ul>\n\t\t\t<\/div>\n\t\t\t\t<\/div>\n\t\t\t\t<\/div>\n\t\t\t\t\t<\/div>\n\t\t<\/div>\n\t\t\t\t\t<\/div>\n\t\t<\/section>\n\t\t\t\t<\/div>\n\t\t","protected":false},"excerpt":{"rendered":"<p>JEF Konstanz Hey! Willkommen bei den Jungen Europ\u00e4ern Konstanz. Wir sind die Jungen Europ\u00e4er Konstanz. Wir sind Teil einer internationalen Jugendbewegung, die sich f\u00fcr ein vereintes und demokratisches Europa einsetzt. Unser Ziel ist es eine Plattform f\u00fcr alle diejenigen zu sein, die sich politisch interessieren und \u00fcberparteilich einbringen wollen. Wir stehen f\u00fcr ein b\u00fcrgernahes, partizipatives [&hellip;]<\/p>\n","protected":false},"author":1,"featured_media":0,"parent":0,"menu_order":0,"comment_status":"closed","ping_status":"closed","template":"elementor_header_footer","meta":{"ngg_post_thumbnail":0,"footnotes":""},"class_list":["post-752","page","type-page","status-publish","hentry"],"_links":{"self":[{"href":"https:\/\/www.jef-bw.de\/konstanz\/wp-json\/wp\/v2\/pages\/752","targetHints":{"allow":["GET"]}}],"collection":[{"href":"https:\/\/www.jef-bw.de\/konstanz\/wp-json\/wp\/v2\/pages"}],"about":[{"href":"https:\/\/www.jef-bw.de\/konstanz\/wp-json\/wp\/v2\/types\/page"}],"author":[{"embeddable":true,"href":"https:\/\/www.jef-bw.de\/konstanz\/wp-json\/wp\/v2\/users\/1"}],"replies":[{"embeddable":true,"href":"https:\/\/www.jef-bw.de\/konstanz\/wp-json\/wp\/v2\/comments?post=752"}],"version-history":[{"count":7,"href":"https:\/\/www.jef-bw.de\/konstanz\/wp-json\/wp\/v2\/pages\/752\/revisions"}],"predecessor-version":[{"id":763,"href":"https:\/\/www.jef-bw.de\/konstanz\/wp-json\/wp\/v2\/pages\/752\/revisions\/763"}],"wp:attachment":[{"href":"https:\/\/www.jef-bw.de\/konstanz\/wp-json\/wp\/v2\/media?parent=752"}],"curies":[{"name":"wp","href":"https:\/\/api.w.org\/{rel}","templated":true}]}}